{"id":4632,"date":"2019-06-26T10:02:21","date_gmt":"2019-06-26T10:02:21","guid":{"rendered":"https:\/\/ubaporto.com\/wp2023\/?p=4632"},"modified":"2026-03-15T19:29:33","modified_gmt":"2026-03-15T19:29:33","slug":"os-quartos","status":"publish","type":"page","link":"https:\/\/ubaporto.com\/pt-pt\/os-quartos\/","title":{"rendered":"Os Quartos"},"content":{"rendered":"\t\t<div data-elementor-type=\"wp-post\" data-elementor-id=\"4632\" class=\"elementor elementor-4632 elementor-404\" data-elementor-post-type=\"page\">\n\t\t\t\t\t\t<section class=\"elementor-section elementor-top-section elementor-element elementor-element-4ea3f44 elementor-section-stretched elementor-section-full_width elementor-section-height-default elementor-section-height-default\" data-id=\"4ea3f44\" data-element_type=\"section\" data-settings=\"{&quot;stretch_section&quot;:&quot;section-stretched&quot;,&quot;hoteller_ext_is_background_parallax&quot;:&quot;false&quot;,&quot;hoteller_ext_is_background_on_scroll&quot;:&quot;false&quot;}\">\n\t\t\t\t\t\t<div class=\"elementor-container elementor-column-gap-default\">\n\t\t\t\t\t<div class=\"elementor-column elementor-col-100 elementor-top-column elementor-element elementor-element-44f0f16\" data-id=\"44f0f16\" data-element_type=\"column\" data-settings=\"{&quot;hoteller_ext_link_sidemenu&quot;:&quot;false&quot;,&quot;hoteller_ext_link_fullmenu&quot;:&quot;false&quot;,&quot;hoteller_ext_link_closed_fullmenu&quot;:&quot;false&quot;,&quot;hoteller_ext_is_scrollme&quot;:&quot;false&quot;,&quot;hoteller_ext_is_smoove&quot;:&quot;false&quot;,&quot;hoteller_ext_is_parallax_mouse&quot;:&quot;false&quot;,&quot;hoteller_ext_is_infinite&quot;:&quot;false&quot;,&quot;hoteller_ext_is_fadeout_animation&quot;:&quot;false&quot;,&quot;hoteller_ext_mobile_static&quot;:&quot;false&quot;}\">\n\t\t\t<div class=\"elementor-widget-wrap elementor-element-populated\">\n\t\t\t\t\t\t<div class=\"elementor-element elementor-element-d5e2c3b elementor-widget elementor-widget-hoteller-slider-parallax\" data-id=\"d5e2c3b\" data-element_type=\"widget\" data-settings=\"{&quot;hoteller_ext_link_sidemenu&quot;:&quot;false&quot;,&quot;hoteller_ext_link_fullmenu&quot;:&quot;false&quot;,&quot;hoteller_ext_link_closed_fullmenu&quot;:&quot;false&quot;,&quot;hoteller_ext_is_scrollme&quot;:&quot;false&quot;,&quot;hoteller_ext_is_smoove&quot;:&quot;false&quot;,&quot;hoteller_ext_is_parallax_mouse&quot;:&quot;false&quot;,&quot;hoteller_ext_is_infinite&quot;:&quot;false&quot;,&quot;hoteller_ext_is_fadeout_animation&quot;:&quot;false&quot;,&quot;hoteller_ext_mobile_static&quot;:&quot;false&quot;}\" data-widget_type=\"hoteller-slider-parallax.default\">\n\t\t\t\t<div class=\"elementor-widget-container\">\n\t\t\t\t\t<div class=\"slider_parallax_wrapper\" data-autoplay=\"5000\" data-pagination=\"0\" data-navigation=\"0\">\n\t<div class=\"slider_parallax_inner\">\n\t\t<div class=\"slider_parallax_slides\">\n\t\t\t\t\t\t<div class=\"slide is-active \">\n\t\t          \t<div class=\"slide-content\">\n\t\t            \t<div class=\"caption\">\n\t\t\t\t\t\t\t<div class=\"title\"><h2>Tinto C\u00e3o<\/h2><\/div>\n\t\t\t\t\t\t\t<div class=\"text\">\n\t\t                \t\tsuite with city view\t\t              \t\t<\/div> \n\t\t\t                \t\t            \t<\/div>\n\t\t          \t<\/div>\n\t\t\t\t  \t<div class=\"image-container\"> \n\t\t            \t<img decoding=\"async\" src=\"https:\/\/ubaporto.com\/wp2023\/wp-content\/uploads\/2023\/06\/suite-tinto-porto.jpg\" alt=\"Uba guesthouse Porto\" class=\"image\" \/>\n\t\t          \t<\/div>\n\t\t        <\/div>\n\t\t\t\t\t\t<div class=\"slide  \">\n\t\t          \t<div class=\"slide-content\">\n\t\t            \t<div class=\"caption\">\n\t\t\t\t\t\t\t<div class=\"title\"><h2>Touriga Nacional<\/h2><\/div>\n\t\t\t\t\t\t\t<div class=\"text\">\n\t\t                \t\tStudio with Mezzanine\t\t              \t\t<\/div> \n\t\t\t                \t\t            \t<\/div>\n\t\t          \t<\/div>\n\t\t\t\t  \t<div class=\"image-container\"> \n\t\t            \t<img decoding=\"async\" src=\"https:\/\/ubaporto.com\/wp2023\/wp-content\/uploads\/2023\/06\/studio-touriga-guesthouse-1.jpg\" alt=\"\" class=\"image\" \/>\n\t\t          \t<\/div>\n\t\t        <\/div>\n\t\t\t\t\t\t<div class=\"slide  \">\n\t\t          \t<div class=\"slide-content\">\n\t\t            \t<div class=\"caption\">\n\t\t\t\t\t\t\t<div class=\"title\"><h2>Alvarinho<\/h2><\/div>\n\t\t\t\t\t\t\t<div class=\"text\">\n\t\t                \t\tking suite with balcony\t\t              \t\t<\/div> \n\t\t\t                \t\t            \t<\/div>\n\t\t          \t<\/div>\n\t\t\t\t  \t<div class=\"image-container\"> \n\t\t            \t<img decoding=\"async\" src=\"https:\/\/ubaporto.com\/wp2023\/wp-content\/uploads\/2023\/06\/suite-alvarinho-room-1.jpg\" alt=\"Suite in Uba hotel\" class=\"image\" \/>\n\t\t          \t<\/div>\n\t\t        <\/div>\n\t\t\t\t<\/div>\n\t\t\t    \t<\/div>\n<\/div>\n\t\t\t\t<\/div>\n\t\t\t\t<\/div>\n\t\t\t\t\t<\/div>\n\t\t<\/div>\n\t\t\t\t\t<\/div>\n\t\t<\/section>\n\t\t\t\t<section class=\"elementor-section elementor-top-section elementor-element elementor-element-42e74d0 elementor-section-boxed elementor-section-height-default elementor-section-height-default\" data-id=\"42e74d0\" data-element_type=\"section\" data-settings=\"{&quot;hoteller_ext_is_background_parallax&quot;:&quot;false&quot;,&quot;hoteller_ext_is_background_on_scroll&quot;:&quot;false&quot;}\">\n\t\t\t\t\t\t<div class=\"elementor-container elementor-column-gap-default\">\n\t\t\t\t\t<div class=\"elementor-column elementor-col-100 elementor-top-column elementor-element elementor-element-23bd074\" data-id=\"23bd074\" data-element_type=\"column\" data-settings=\"{&quot;hoteller_ext_link_sidemenu&quot;:&quot;false&quot;,&quot;hoteller_ext_link_fullmenu&quot;:&quot;false&quot;,&quot;hoteller_ext_link_closed_fullmenu&quot;:&quot;false&quot;,&quot;hoteller_ext_is_scrollme&quot;:&quot;false&quot;,&quot;hoteller_ext_is_smoove&quot;:&quot;false&quot;,&quot;hoteller_ext_is_parallax_mouse&quot;:&quot;false&quot;,&quot;hoteller_ext_is_infinite&quot;:&quot;false&quot;,&quot;hoteller_ext_is_fadeout_animation&quot;:&quot;false&quot;,&quot;hoteller_ext_mobile_static&quot;:&quot;false&quot;}\">\n\t\t\t<div class=\"elementor-widget-wrap elementor-element-populated\">\n\t\t\t\t\t\t<div class=\"elementor-element elementor-element-e4be0b0 elementor-align-center elementor-widget elementor-widget-button\" data-id=\"e4be0b0\" data-element_type=\"widget\" data-settings=\"{&quot;hoteller_ext_link_sidemenu&quot;:&quot;false&quot;,&quot;hoteller_ext_link_fullmenu&quot;:&quot;false&quot;,&quot;hoteller_ext_link_closed_fullmenu&quot;:&quot;false&quot;,&quot;hoteller_ext_is_scrollme&quot;:&quot;false&quot;,&quot;hoteller_ext_is_smoove&quot;:&quot;false&quot;,&quot;hoteller_ext_is_parallax_mouse&quot;:&quot;false&quot;,&quot;hoteller_ext_is_infinite&quot;:&quot;false&quot;,&quot;hoteller_ext_is_fadeout_animation&quot;:&quot;false&quot;,&quot;hoteller_ext_mobile_static&quot;:&quot;false&quot;}\" data-widget_type=\"button.default\">\n\t\t\t\t<div class=\"elementor-widget-container\">\n\t\t\t\t\t\t\t\t\t<div class=\"elementor-button-wrapper\">\n\t\t\t\t\t<a class=\"elementor-button elementor-button-link elementor-size-sm\" href=\"https:\/\/reservations.ubaporto.com\/pt-PT\/rentals\/\">\n\t\t\t\t\t\t<span class=\"elementor-button-content-wrapper\">\n\t\t\t\t\t\t\t\t\t<span class=\"elementor-button-text\">RESERVAR AGORA<\/span>\n\t\t\t\t\t<\/span>\n\t\t\t\t\t<\/a>\n\t\t\t\t<\/div>\n\t\t\t\t\t\t\t\t<\/div>\n\t\t\t\t<\/div>\n\t\t\t\t\t<\/div>\n\t\t<\/div>\n\t\t\t\t\t<\/div>\n\t\t<\/section>\n\t\t\t\t<section class=\"elementor-section elementor-top-section elementor-element elementor-element-bf74565 elementor-section-boxed elementor-section-height-default elementor-section-height-default\" data-id=\"bf74565\" data-element_type=\"section\" data-settings=\"{&quot;hoteller_ext_is_background_parallax&quot;:&quot;false&quot;,&quot;hoteller_ext_is_background_on_scroll&quot;:&quot;false&quot;}\">\n\t\t\t\t\t\t<div class=\"elementor-container elementor-column-gap-default\">\n\t\t\t\t\t<div class=\"elementor-column elementor-col-100 elementor-top-column elementor-element elementor-element-d635cb3\" data-id=\"d635cb3\" data-element_type=\"column\" data-settings=\"{&quot;hoteller_ext_link_sidemenu&quot;:&quot;false&quot;,&quot;hoteller_ext_link_fullmenu&quot;:&quot;false&quot;,&quot;hoteller_ext_link_closed_fullmenu&quot;:&quot;false&quot;,&quot;hoteller_ext_is_scrollme&quot;:&quot;false&quot;,&quot;hoteller_ext_is_smoove&quot;:&quot;false&quot;,&quot;hoteller_ext_is_parallax_mouse&quot;:&quot;false&quot;,&quot;hoteller_ext_is_infinite&quot;:&quot;false&quot;,&quot;hoteller_ext_is_fadeout_animation&quot;:&quot;false&quot;,&quot;hoteller_ext_mobile_static&quot;:&quot;false&quot;}\">\n\t\t\t<div class=\"elementor-widget-wrap elementor-element-populated\">\n\t\t\t\t\t\t<div class=\"elementor-element elementor-element-4edfd50 elementor-widget elementor-widget-heading\" data-id=\"4edfd50\" data-element_type=\"widget\" data-settings=\"{&quot;hoteller_ext_link_sidemenu&quot;:&quot;false&quot;,&quot;hoteller_ext_link_fullmenu&quot;:&quot;false&quot;,&quot;hoteller_ext_link_closed_fullmenu&quot;:&quot;false&quot;,&quot;hoteller_ext_is_scrollme&quot;:&quot;false&quot;,&quot;hoteller_ext_is_smoove&quot;:&quot;false&quot;,&quot;hoteller_ext_is_parallax_mouse&quot;:&quot;false&quot;,&quot;hoteller_ext_is_infinite&quot;:&quot;false&quot;,&quot;hoteller_ext_is_fadeout_animation&quot;:&quot;false&quot;,&quot;hoteller_ext_mobile_static&quot;:&quot;false&quot;}\" data-widget_type=\"heading.default\">\n\t\t\t\t<div class=\"elementor-widget-container\">\n\t\t\t\t\t<h2 class=\"elementor-heading-title elementor-size-default\">Os Quartos<\/h2>\t\t\t\t<\/div>\n\t\t\t\t<\/div>\n\t\t\t\t<div class=\"elementor-element elementor-element-b72c7f1 elementor-widget elementor-widget-text-editor\" data-id=\"b72c7f1\" data-element_type=\"widget\" data-settings=\"{&quot;hoteller_ext_link_sidemenu&quot;:&quot;false&quot;,&quot;hoteller_ext_link_fullmenu&quot;:&quot;false&quot;,&quot;hoteller_ext_link_closed_fullmenu&quot;:&quot;false&quot;,&quot;hoteller_ext_is_scrollme&quot;:&quot;false&quot;,&quot;hoteller_ext_is_smoove&quot;:&quot;false&quot;,&quot;hoteller_ext_is_parallax_mouse&quot;:&quot;false&quot;,&quot;hoteller_ext_is_infinite&quot;:&quot;false&quot;,&quot;hoteller_ext_is_fadeout_animation&quot;:&quot;false&quot;,&quot;hoteller_ext_mobile_static&quot;:&quot;false&quot;}\" data-widget_type=\"text-editor.default\">\n\t\t\t\t<div class=\"elementor-widget-container\">\n\t\t\t\t\t\t\t\t\t<p>Este alojamento de charme situa-se no centro do Porto e oferece 3 suites com WC privativo e kitchenette, cuidadosamente decoradas com pe\u00e7as \u00fanicas do esp\u00f3lio familiar. <\/p>\n<p>Cada suite homenageia uma casta de vinho portuguesa.<\/p>\n\t\t\t\t\t\t\t\t<\/div>\n\t\t\t\t<\/div>\n\t\t\t\t\t<\/div>\n\t\t<\/div>\n\t\t\t\t\t<\/div>\n\t\t<\/section>\n\t\t\t\t<section class=\"elementor-section elementor-top-section elementor-element elementor-element-e133c10 elementor-section-stretched elementor-hidden-desktop elementor-hidden-tablet elementor-hidden-mobile elementor-section-boxed elementor-section-height-default elementor-section-height-default\" data-id=\"e133c10\" data-element_type=\"section\" data-settings=\"{&quot;stretch_section&quot;:&quot;section-stretched&quot;,&quot;background_background&quot;:&quot;classic&quot;,&quot;hoteller_ext_is_background_parallax&quot;:&quot;false&quot;,&quot;hoteller_ext_is_background_on_scroll&quot;:&quot;false&quot;}\">\n\t\t\t\t\t\t<div class=\"elementor-container elementor-column-gap-default\">\n\t\t\t\t\t<div class=\"elementor-column elementor-col-33 elementor-top-column elementor-element elementor-element-eac7c44\" data-id=\"eac7c44\" data-element_type=\"column\" data-settings=\"{&quot;hoteller_ext_link_sidemenu&quot;:&quot;false&quot;,&quot;hoteller_ext_link_fullmenu&quot;:&quot;false&quot;,&quot;hoteller_ext_link_closed_fullmenu&quot;:&quot;false&quot;,&quot;hoteller_ext_is_scrollme&quot;:&quot;false&quot;,&quot;hoteller_ext_is_smoove&quot;:&quot;false&quot;,&quot;hoteller_ext_is_parallax_mouse&quot;:&quot;false&quot;,&quot;hoteller_ext_is_infinite&quot;:&quot;false&quot;,&quot;hoteller_ext_is_fadeout_animation&quot;:&quot;false&quot;,&quot;hoteller_ext_mobile_static&quot;:&quot;false&quot;}\">\n\t\t\t<div class=\"elementor-widget-wrap elementor-element-populated\">\n\t\t\t\t\t\t<div class=\"elementor-element elementor-element-c74ef63 elementor-widget elementor-widget-image\" data-id=\"c74ef63\" data-element_type=\"widget\" data-settings=\"{&quot;hoteller_image_is_animation&quot;:&quot;false&quot;,&quot;hoteller_ext_link_sidemenu&quot;:&quot;false&quot;,&quot;hoteller_ext_link_fullmenu&quot;:&quot;false&quot;,&quot;hoteller_ext_link_closed_fullmenu&quot;:&quot;false&quot;,&quot;hoteller_ext_is_scrollme&quot;:&quot;false&quot;,&quot;hoteller_ext_is_smoove&quot;:&quot;false&quot;,&quot;hoteller_ext_is_parallax_mouse&quot;:&quot;false&quot;,&quot;hoteller_ext_is_infinite&quot;:&quot;false&quot;,&quot;hoteller_ext_is_fadeout_animation&quot;:&quot;false&quot;,&quot;hoteller_ext_mobile_static&quot;:&quot;false&quot;}\" data-widget_type=\"image.default\">\n\t\t\t\t<div class=\"elementor-widget-container\">\n\t\t\t\t\t\t\t\t\t\t\t\t\t\t\t\t<a href=\"https:\/\/ubaporto.com\/wp2023\/accommodation\/alvarinho\">\n\t\t\t\t\t\t\t<img decoding=\"async\" src=\"https:\/\/ubaporto.com\/wp2023\/wp-content\/uploads\/elementor\/thumbs\/logo-alvarinho-q8anj896j95s2ab3qcznw4jprg8i88s7j5uaegjg1s.png\" title=\"logo-alvarinho\" alt=\"logo-alvarinho\" loading=\"lazy\" \/>\t\t\t\t\t\t\t\t<\/a>\n\t\t\t\t\t\t\t\t\t\t\t\t\t\t\t<\/div>\n\t\t\t\t<\/div>\n\t\t\t\t\t<\/div>\n\t\t<\/div>\n\t\t\t\t<div class=\"elementor-column elementor-col-33 elementor-top-column elementor-element elementor-element-0da9867\" data-id=\"0da9867\" data-element_type=\"column\" data-settings=\"{&quot;hoteller_ext_link_sidemenu&quot;:&quot;false&quot;,&quot;hoteller_ext_link_fullmenu&quot;:&quot;false&quot;,&quot;hoteller_ext_link_closed_fullmenu&quot;:&quot;false&quot;,&quot;hoteller_ext_is_scrollme&quot;:&quot;false&quot;,&quot;hoteller_ext_is_smoove&quot;:&quot;false&quot;,&quot;hoteller_ext_is_parallax_mouse&quot;:&quot;false&quot;,&quot;hoteller_ext_is_infinite&quot;:&quot;false&quot;,&quot;hoteller_ext_is_fadeout_animation&quot;:&quot;false&quot;,&quot;hoteller_ext_mobile_static&quot;:&quot;false&quot;}\">\n\t\t\t<div class=\"elementor-widget-wrap elementor-element-populated\">\n\t\t\t\t\t\t<div class=\"elementor-element elementor-element-ab4fd45 elementor-widget elementor-widget-image\" data-id=\"ab4fd45\" data-element_type=\"widget\" data-settings=\"{&quot;hoteller_image_is_animation&quot;:&quot;false&quot;,&quot;hoteller_ext_link_sidemenu&quot;:&quot;false&quot;,&quot;hoteller_ext_link_fullmenu&quot;:&quot;false&quot;,&quot;hoteller_ext_link_closed_fullmenu&quot;:&quot;false&quot;,&quot;hoteller_ext_is_scrollme&quot;:&quot;false&quot;,&quot;hoteller_ext_is_smoove&quot;:&quot;false&quot;,&quot;hoteller_ext_is_parallax_mouse&quot;:&quot;false&quot;,&quot;hoteller_ext_is_infinite&quot;:&quot;false&quot;,&quot;hoteller_ext_is_fadeout_animation&quot;:&quot;false&quot;,&quot;hoteller_ext_mobile_static&quot;:&quot;false&quot;}\" data-widget_type=\"image.default\">\n\t\t\t\t<div class=\"elementor-widget-container\">\n\t\t\t\t\t\t\t\t\t\t\t\t\t\t\t\t<a href=\"https:\/\/ubaporto.com\/wp2023\/accommodation\/tinto-cao\">\n\t\t\t\t\t\t\t<img decoding=\"async\" src=\"https:\/\/ubaporto.com\/wp2023\/wp-content\/uploads\/elementor\/thumbs\/logo-tinto-cao-q8anja4uwx8cpi8dfdsx142my7z8nmzo7f59d0gnpc.png\" title=\"logo-tinto-cao\" alt=\"logo-tinto-cao\" loading=\"lazy\" \/>\t\t\t\t\t\t\t\t<\/a>\n\t\t\t\t\t\t\t\t\t\t\t\t\t\t\t<\/div>\n\t\t\t\t<\/div>\n\t\t\t\t\t<\/div>\n\t\t<\/div>\n\t\t\t\t<div class=\"elementor-column elementor-col-33 elementor-top-column elementor-element elementor-element-a62e024\" data-id=\"a62e024\" data-element_type=\"column\" data-settings=\"{&quot;hoteller_ext_link_sidemenu&quot;:&quot;false&quot;,&quot;hoteller_ext_link_fullmenu&quot;:&quot;false&quot;,&quot;hoteller_ext_link_closed_fullmenu&quot;:&quot;false&quot;,&quot;hoteller_ext_is_scrollme&quot;:&quot;false&quot;,&quot;hoteller_ext_is_smoove&quot;:&quot;false&quot;,&quot;hoteller_ext_is_parallax_mouse&quot;:&quot;false&quot;,&quot;hoteller_ext_is_infinite&quot;:&quot;false&quot;,&quot;hoteller_ext_is_fadeout_animation&quot;:&quot;false&quot;,&quot;hoteller_ext_mobile_static&quot;:&quot;false&quot;}\">\n\t\t\t<div class=\"elementor-widget-wrap elementor-element-populated\">\n\t\t\t\t\t\t<div class=\"elementor-element elementor-element-a232037 elementor-widget elementor-widget-image\" data-id=\"a232037\" data-element_type=\"widget\" data-settings=\"{&quot;hoteller_image_is_animation&quot;:&quot;false&quot;,&quot;hoteller_ext_link_sidemenu&quot;:&quot;false&quot;,&quot;hoteller_ext_link_fullmenu&quot;:&quot;false&quot;,&quot;hoteller_ext_link_closed_fullmenu&quot;:&quot;false&quot;,&quot;hoteller_ext_is_scrollme&quot;:&quot;false&quot;,&quot;hoteller_ext_is_smoove&quot;:&quot;false&quot;,&quot;hoteller_ext_is_parallax_mouse&quot;:&quot;false&quot;,&quot;hoteller_ext_is_infinite&quot;:&quot;false&quot;,&quot;hoteller_ext_is_fadeout_animation&quot;:&quot;false&quot;,&quot;hoteller_ext_mobile_static&quot;:&quot;false&quot;}\" data-widget_type=\"image.default\">\n\t\t\t\t<div class=\"elementor-widget-container\">\n\t\t\t\t\t\t\t\t\t\t\t\t\t\t\t\t<a href=\"https:\/\/ubaporto.com\/wp2023\/accommodation\/touriga-nacional\">\n\t\t\t\t\t\t\t<img decoding=\"async\" src=\"https:\/\/ubaporto.com\/wp2023\/wp-content\/uploads\/elementor\/thumbs\/logo-touriga-q8anjb2p3r9p2rxfpi2sgbf3kzp0zxaiswcj1l2rcw.png\" title=\"logo-touriga\" alt=\"logo-touriga\" loading=\"lazy\" \/>\t\t\t\t\t\t\t\t<\/a>\n\t\t\t\t\t\t\t\t\t\t\t\t\t\t\t<\/div>\n\t\t\t\t<\/div>\n\t\t\t\t\t<\/div>\n\t\t<\/div>\n\t\t\t\t\t<\/div>\n\t\t<\/section>\n\t\t\t\t<section class=\"elementor-section elementor-top-section elementor-element elementor-element-23668bf elementor-section-boxed elementor-section-height-default elementor-section-height-default\" data-id=\"23668bf\" data-element_type=\"section\" data-settings=\"{&quot;hoteller_ext_is_background_parallax&quot;:&quot;false&quot;,&quot;hoteller_ext_is_background_on_scroll&quot;:&quot;false&quot;}\">\n\t\t\t\t\t\t<div class=\"elementor-container elementor-column-gap-default\">\n\t\t\t\t\t<div class=\"elementor-column elementor-col-50 elementor-top-column elementor-element elementor-element-86b01cb\" data-id=\"86b01cb\" data-element_type=\"column\" data-settings=\"{&quot;hoteller_ext_link_sidemenu&quot;:&quot;false&quot;,&quot;hoteller_ext_link_fullmenu&quot;:&quot;false&quot;,&quot;hoteller_ext_link_closed_fullmenu&quot;:&quot;false&quot;,&quot;hoteller_ext_is_scrollme&quot;:&quot;false&quot;,&quot;hoteller_ext_is_smoove&quot;:&quot;false&quot;,&quot;hoteller_ext_is_parallax_mouse&quot;:&quot;false&quot;,&quot;hoteller_ext_is_infinite&quot;:&quot;false&quot;,&quot;hoteller_ext_is_fadeout_animation&quot;:&quot;false&quot;,&quot;hoteller_ext_mobile_static&quot;:&quot;false&quot;}\">\n\t\t\t<div class=\"elementor-widget-wrap elementor-element-populated\">\n\t\t\t\t\t\t<div class=\"elementor-element elementor-element-5326b25 elementor-widget elementor-widget-heading\" data-id=\"5326b25\" data-element_type=\"widget\" data-settings=\"{&quot;hoteller_ext_link_sidemenu&quot;:&quot;false&quot;,&quot;hoteller_ext_link_fullmenu&quot;:&quot;false&quot;,&quot;hoteller_ext_link_closed_fullmenu&quot;:&quot;false&quot;,&quot;hoteller_ext_is_scrollme&quot;:&quot;false&quot;,&quot;hoteller_ext_is_smoove&quot;:&quot;false&quot;,&quot;hoteller_ext_is_parallax_mouse&quot;:&quot;false&quot;,&quot;hoteller_ext_is_infinite&quot;:&quot;false&quot;,&quot;hoteller_ext_is_fadeout_animation&quot;:&quot;false&quot;,&quot;hoteller_ext_mobile_static&quot;:&quot;false&quot;}\" data-widget_type=\"heading.default\">\n\t\t\t\t<div class=\"elementor-widget-container\">\n\t\t\t\t\t<h2 class=\"elementor-heading-title elementor-size-default\"><a href=\"https:\/\/ubaporto.com\/pt-pt\/quartos\/alvarinho\/\">ALVARINHO - SUITE KING COM VARANDA<\/a><\/h2>\t\t\t\t<\/div>\n\t\t\t\t<\/div>\n\t\t\t\t<div class=\"elementor-element elementor-element-a8d5c97 elementor-widget elementor-widget-image\" data-id=\"a8d5c97\" data-element_type=\"widget\" data-settings=\"{&quot;hoteller_image_is_animation&quot;:&quot;false&quot;,&quot;hoteller_ext_link_sidemenu&quot;:&quot;false&quot;,&quot;hoteller_ext_link_fullmenu&quot;:&quot;false&quot;,&quot;hoteller_ext_link_closed_fullmenu&quot;:&quot;false&quot;,&quot;hoteller_ext_is_scrollme&quot;:&quot;false&quot;,&quot;hoteller_ext_is_smoove&quot;:&quot;false&quot;,&quot;hoteller_ext_is_parallax_mouse&quot;:&quot;false&quot;,&quot;hoteller_ext_is_infinite&quot;:&quot;false&quot;,&quot;hoteller_ext_is_fadeout_animation&quot;:&quot;false&quot;,&quot;hoteller_ext_mobile_static&quot;:&quot;false&quot;}\" data-widget_type=\"image.default\">\n\t\t\t\t<div class=\"elementor-widget-container\">\n\t\t\t\t\t\t\t\t\t\t\t\t\t\t\t\t<a href=\"https:\/\/ubaporto.com\/pt-pt\/quartos\/alvarinho\/\">\n\t\t\t\t\t\t\t<img fetchpriority=\"high\" decoding=\"async\" width=\"1800\" height=\"1200\" src=\"https:\/\/ubaporto.com\/wp2023\/wp-content\/uploads\/2023\/06\/suite-alvarinho-uba-1.jpg\" class=\"attachment-full size-full wp-image-4684\" alt=\"\" srcset=\"https:\/\/ubaporto.com\/wp2023\/wp-content\/uploads\/2023\/06\/suite-alvarinho-uba-1.jpg 1800w, https:\/\/ubaporto.com\/wp2023\/wp-content\/uploads\/2023\/06\/suite-alvarinho-uba-1-600x400.jpg 600w, https:\/\/ubaporto.com\/wp2023\/wp-content\/uploads\/2023\/06\/suite-alvarinho-uba-1-300x200.jpg 300w, https:\/\/ubaporto.com\/wp2023\/wp-content\/uploads\/2023\/06\/suite-alvarinho-uba-1-1024x683.jpg 1024w, https:\/\/ubaporto.com\/wp2023\/wp-content\/uploads\/2023\/06\/suite-alvarinho-uba-1-768x512.jpg 768w, https:\/\/ubaporto.com\/wp2023\/wp-content\/uploads\/2023\/06\/suite-alvarinho-uba-1-1536x1024.jpg 1536w, https:\/\/ubaporto.com\/wp2023\/wp-content\/uploads\/2023\/06\/suite-alvarinho-uba-1-700x466.jpg 700w, https:\/\/ubaporto.com\/wp2023\/wp-content\/uploads\/2023\/06\/suite-alvarinho-uba-1-440x293.jpg 440w\" sizes=\"(max-width: 1800px) 100vw, 1800px\" \/>\t\t\t\t\t\t\t\t<\/a>\n\t\t\t\t\t\t\t\t\t\t\t\t\t\t\t<\/div>\n\t\t\t\t<\/div>\n\t\t\t\t\t<\/div>\n\t\t<\/div>\n\t\t\t\t<div class=\"elementor-column elementor-col-50 elementor-top-column elementor-element elementor-element-53bf2e0\" data-id=\"53bf2e0\" data-element_type=\"column\" data-settings=\"{&quot;hoteller_ext_link_sidemenu&quot;:&quot;false&quot;,&quot;hoteller_ext_link_fullmenu&quot;:&quot;false&quot;,&quot;hoteller_ext_link_closed_fullmenu&quot;:&quot;false&quot;,&quot;hoteller_ext_is_scrollme&quot;:&quot;false&quot;,&quot;hoteller_ext_is_smoove&quot;:&quot;false&quot;,&quot;hoteller_ext_is_parallax_mouse&quot;:&quot;false&quot;,&quot;hoteller_ext_is_infinite&quot;:&quot;false&quot;,&quot;hoteller_ext_is_fadeout_animation&quot;:&quot;false&quot;,&quot;hoteller_ext_mobile_static&quot;:&quot;false&quot;}\">\n\t\t\t<div class=\"elementor-widget-wrap elementor-element-populated\">\n\t\t\t\t\t\t<div class=\"elementor-element elementor-element-dfa092a elementor-widget elementor-widget-text-editor\" data-id=\"dfa092a\" data-element_type=\"widget\" data-settings=\"{&quot;hoteller_ext_link_sidemenu&quot;:&quot;false&quot;,&quot;hoteller_ext_link_fullmenu&quot;:&quot;false&quot;,&quot;hoteller_ext_link_closed_fullmenu&quot;:&quot;false&quot;,&quot;hoteller_ext_is_scrollme&quot;:&quot;false&quot;,&quot;hoteller_ext_is_smoove&quot;:&quot;false&quot;,&quot;hoteller_ext_is_parallax_mouse&quot;:&quot;false&quot;,&quot;hoteller_ext_is_infinite&quot;:&quot;false&quot;,&quot;hoteller_ext_is_fadeout_animation&quot;:&quot;false&quot;,&quot;hoteller_ext_mobile_static&quot;:&quot;false&quot;}\" data-widget_type=\"text-editor.default\">\n\t\t\t\t<div class=\"elementor-widget-container\">\n\t\t\t\t\t\t\t\t\t<p>A Suite Alvarinho, situa-se no primeiro piso, com acesso por escadas. Decorada com pe\u00e7as \u00fanicas do esp\u00f3lio familiar, homenageia a casta de vinho Alvarinho e o azulejo portugu\u00eas.<\/p>\n\t\t\t\t\t\t\t\t<\/div>\n\t\t\t\t<\/div>\n\t\t\t\t<div class=\"elementor-element elementor-element-06dd0ed elementor-align-center elementor-widget elementor-widget-button\" data-id=\"06dd0ed\" data-element_type=\"widget\" data-settings=\"{&quot;hoteller_ext_link_sidemenu&quot;:&quot;false&quot;,&quot;hoteller_ext_link_fullmenu&quot;:&quot;false&quot;,&quot;hoteller_ext_link_closed_fullmenu&quot;:&quot;false&quot;,&quot;hoteller_ext_is_scrollme&quot;:&quot;false&quot;,&quot;hoteller_ext_is_smoove&quot;:&quot;false&quot;,&quot;hoteller_ext_is_parallax_mouse&quot;:&quot;false&quot;,&quot;hoteller_ext_is_infinite&quot;:&quot;false&quot;,&quot;hoteller_ext_is_fadeout_animation&quot;:&quot;false&quot;,&quot;hoteller_ext_mobile_static&quot;:&quot;false&quot;}\" data-widget_type=\"button.default\">\n\t\t\t\t<div class=\"elementor-widget-container\">\n\t\t\t\t\t\t\t\t\t<div class=\"elementor-button-wrapper\">\n\t\t\t\t\t<a class=\"elementor-button elementor-button-link elementor-size-sm\" href=\"https:\/\/reservations.ubaporto.com\/pt-PT\/rentals\/31128\/\">\n\t\t\t\t\t\t<span class=\"elementor-button-content-wrapper\">\n\t\t\t\t\t\t\t\t\t<span class=\"elementor-button-text\">RESERVAR AGORA<\/span>\n\t\t\t\t\t<\/span>\n\t\t\t\t\t<\/a>\n\t\t\t\t<\/div>\n\t\t\t\t\t\t\t\t<\/div>\n\t\t\t\t<\/div>\n\t\t\t\t\t<\/div>\n\t\t<\/div>\n\t\t\t\t\t<\/div>\n\t\t<\/section>\n\t\t\t\t<section class=\"elementor-section elementor-top-section elementor-element elementor-element-d42c0ba elementor-section-boxed elementor-section-height-default elementor-section-height-default\" data-id=\"d42c0ba\" data-element_type=\"section\" data-settings=\"{&quot;hoteller_ext_is_background_parallax&quot;:&quot;false&quot;,&quot;hoteller_ext_is_background_on_scroll&quot;:&quot;false&quot;}\">\n\t\t\t\t\t\t<div class=\"elementor-container elementor-column-gap-default\">\n\t\t\t\t\t<div class=\"elementor-column elementor-col-50 elementor-top-column elementor-element elementor-element-6b309d6\" data-id=\"6b309d6\" data-element_type=\"column\" data-settings=\"{&quot;hoteller_ext_link_sidemenu&quot;:&quot;false&quot;,&quot;hoteller_ext_link_fullmenu&quot;:&quot;false&quot;,&quot;hoteller_ext_link_closed_fullmenu&quot;:&quot;false&quot;,&quot;hoteller_ext_is_scrollme&quot;:&quot;false&quot;,&quot;hoteller_ext_is_smoove&quot;:&quot;false&quot;,&quot;hoteller_ext_is_parallax_mouse&quot;:&quot;false&quot;,&quot;hoteller_ext_is_infinite&quot;:&quot;false&quot;,&quot;hoteller_ext_is_fadeout_animation&quot;:&quot;false&quot;,&quot;hoteller_ext_mobile_static&quot;:&quot;false&quot;}\">\n\t\t\t<div class=\"elementor-widget-wrap elementor-element-populated\">\n\t\t\t\t\t\t<div class=\"elementor-element elementor-element-41a16ae elementor-widget elementor-widget-heading\" data-id=\"41a16ae\" data-element_type=\"widget\" id=\"deluxe\" data-settings=\"{&quot;hoteller_ext_link_sidemenu&quot;:&quot;false&quot;,&quot;hoteller_ext_link_fullmenu&quot;:&quot;false&quot;,&quot;hoteller_ext_link_closed_fullmenu&quot;:&quot;false&quot;,&quot;hoteller_ext_is_scrollme&quot;:&quot;false&quot;,&quot;hoteller_ext_is_smoove&quot;:&quot;false&quot;,&quot;hoteller_ext_is_parallax_mouse&quot;:&quot;false&quot;,&quot;hoteller_ext_is_infinite&quot;:&quot;false&quot;,&quot;hoteller_ext_is_fadeout_animation&quot;:&quot;false&quot;,&quot;hoteller_ext_mobile_static&quot;:&quot;false&quot;}\" data-widget_type=\"heading.default\">\n\t\t\t\t<div class=\"elementor-widget-container\">\n\t\t\t\t\t<h2 class=\"elementor-heading-title elementor-size-default\"><a href=\"https:\/\/ubaporto.com\/pt-pt\/quartos\/tinto-cao\/\">TINTO C\u00c3O - SUITE COM VISTA CIDADE <\/a><\/h2>\t\t\t\t<\/div>\n\t\t\t\t<\/div>\n\t\t\t\t<div class=\"elementor-element elementor-element-d082e93 elementor-widget elementor-widget-image\" data-id=\"d082e93\" data-element_type=\"widget\" data-settings=\"{&quot;hoteller_image_is_animation&quot;:&quot;false&quot;,&quot;hoteller_ext_link_sidemenu&quot;:&quot;false&quot;,&quot;hoteller_ext_link_fullmenu&quot;:&quot;false&quot;,&quot;hoteller_ext_link_closed_fullmenu&quot;:&quot;false&quot;,&quot;hoteller_ext_is_scrollme&quot;:&quot;false&quot;,&quot;hoteller_ext_is_smoove&quot;:&quot;false&quot;,&quot;hoteller_ext_is_parallax_mouse&quot;:&quot;false&quot;,&quot;hoteller_ext_is_infinite&quot;:&quot;false&quot;,&quot;hoteller_ext_is_fadeout_animation&quot;:&quot;false&quot;,&quot;hoteller_ext_mobile_static&quot;:&quot;false&quot;}\" data-widget_type=\"image.default\">\n\t\t\t\t<div class=\"elementor-widget-container\">\n\t\t\t\t\t\t\t\t\t\t\t\t\t\t\t\t<a href=\"https:\/\/ubaporto.com\/pt-pt\/quartos\/tinto-cao\/\">\n\t\t\t\t\t\t\t<img decoding=\"async\" width=\"1800\" height=\"1200\" src=\"https:\/\/ubaporto.com\/wp2023\/wp-content\/uploads\/2023\/06\/suite-tinto-uba.jpg\" class=\"attachment-full size-full wp-image-5429\" alt=\"\" srcset=\"https:\/\/ubaporto.com\/wp2023\/wp-content\/uploads\/2023\/06\/suite-tinto-uba.jpg 1800w, https:\/\/ubaporto.com\/wp2023\/wp-content\/uploads\/2023\/06\/suite-tinto-uba-600x400.jpg 600w, https:\/\/ubaporto.com\/wp2023\/wp-content\/uploads\/2023\/06\/suite-tinto-uba-300x200.jpg 300w, https:\/\/ubaporto.com\/wp2023\/wp-content\/uploads\/2023\/06\/suite-tinto-uba-1024x683.jpg 1024w, https:\/\/ubaporto.com\/wp2023\/wp-content\/uploads\/2023\/06\/suite-tinto-uba-768x512.jpg 768w, https:\/\/ubaporto.com\/wp2023\/wp-content\/uploads\/2023\/06\/suite-tinto-uba-1536x1024.jpg 1536w, https:\/\/ubaporto.com\/wp2023\/wp-content\/uploads\/2023\/06\/suite-tinto-uba-700x466.jpg 700w, https:\/\/ubaporto.com\/wp2023\/wp-content\/uploads\/2023\/06\/suite-tinto-uba-440x293.jpg 440w\" sizes=\"(max-width: 1800px) 100vw, 1800px\" \/>\t\t\t\t\t\t\t\t<\/a>\n\t\t\t\t\t\t\t\t\t\t\t\t\t\t\t<\/div>\n\t\t\t\t<\/div>\n\t\t\t\t\t<\/div>\n\t\t<\/div>\n\t\t\t\t<div class=\"elementor-column elementor-col-50 elementor-top-column elementor-element elementor-element-d7e1fd1\" data-id=\"d7e1fd1\" data-element_type=\"column\" data-settings=\"{&quot;hoteller_ext_link_sidemenu&quot;:&quot;false&quot;,&quot;hoteller_ext_link_fullmenu&quot;:&quot;false&quot;,&quot;hoteller_ext_link_closed_fullmenu&quot;:&quot;false&quot;,&quot;hoteller_ext_is_scrollme&quot;:&quot;false&quot;,&quot;hoteller_ext_is_smoove&quot;:&quot;false&quot;,&quot;hoteller_ext_is_parallax_mouse&quot;:&quot;false&quot;,&quot;hoteller_ext_is_infinite&quot;:&quot;false&quot;,&quot;hoteller_ext_is_fadeout_animation&quot;:&quot;false&quot;,&quot;hoteller_ext_mobile_static&quot;:&quot;false&quot;}\">\n\t\t\t<div class=\"elementor-widget-wrap elementor-element-populated\">\n\t\t\t\t\t\t<div class=\"elementor-element elementor-element-e82088a elementor-widget elementor-widget-text-editor\" data-id=\"e82088a\" data-element_type=\"widget\" data-settings=\"{&quot;hoteller_ext_link_sidemenu&quot;:&quot;false&quot;,&quot;hoteller_ext_link_fullmenu&quot;:&quot;false&quot;,&quot;hoteller_ext_link_closed_fullmenu&quot;:&quot;false&quot;,&quot;hoteller_ext_is_scrollme&quot;:&quot;false&quot;,&quot;hoteller_ext_is_smoove&quot;:&quot;false&quot;,&quot;hoteller_ext_is_parallax_mouse&quot;:&quot;false&quot;,&quot;hoteller_ext_is_infinite&quot;:&quot;false&quot;,&quot;hoteller_ext_is_fadeout_animation&quot;:&quot;false&quot;,&quot;hoteller_ext_mobile_static&quot;:&quot;false&quot;}\" data-widget_type=\"text-editor.default\">\n\t\t\t\t<div class=\"elementor-widget-container\">\n\t\t\t\t\t\t\t\t\t<p>Suite Tinto C\u00e3o situa-se no 2\u00ba piso com acesso por escadas. Decorada com pe\u00e7as \u00fanicas do esp\u00f3lio familiar, homenageia a casta de vinho Tinto C\u00e3o, usada na produ\u00e7\u00e3o do Vinho do Porto.<\/p>\t\t\t\t\t\t\t\t<\/div>\n\t\t\t\t<\/div>\n\t\t\t\t<div class=\"elementor-element elementor-element-cabbb29 elementor-align-center elementor-widget elementor-widget-button\" data-id=\"cabbb29\" data-element_type=\"widget\" data-settings=\"{&quot;hoteller_ext_link_sidemenu&quot;:&quot;false&quot;,&quot;hoteller_ext_link_fullmenu&quot;:&quot;false&quot;,&quot;hoteller_ext_link_closed_fullmenu&quot;:&quot;false&quot;,&quot;hoteller_ext_is_scrollme&quot;:&quot;false&quot;,&quot;hoteller_ext_is_smoove&quot;:&quot;false&quot;,&quot;hoteller_ext_is_parallax_mouse&quot;:&quot;false&quot;,&quot;hoteller_ext_is_infinite&quot;:&quot;false&quot;,&quot;hoteller_ext_is_fadeout_animation&quot;:&quot;false&quot;,&quot;hoteller_ext_mobile_static&quot;:&quot;false&quot;}\" data-widget_type=\"button.default\">\n\t\t\t\t<div class=\"elementor-widget-container\">\n\t\t\t\t\t\t\t\t\t<div class=\"elementor-button-wrapper\">\n\t\t\t\t\t<a class=\"elementor-button elementor-button-link elementor-size-sm\" href=\"https:\/\/reservations.ubaporto.com\/pt-PT\/rentals\/31127\/\">\n\t\t\t\t\t\t<span class=\"elementor-button-content-wrapper\">\n\t\t\t\t\t\t\t\t\t<span class=\"elementor-button-text\">RESERVAR AGORA<\/span>\n\t\t\t\t\t<\/span>\n\t\t\t\t\t<\/a>\n\t\t\t\t<\/div>\n\t\t\t\t\t\t\t\t<\/div>\n\t\t\t\t<\/div>\n\t\t\t\t\t<\/div>\n\t\t<\/div>\n\t\t\t\t\t<\/div>\n\t\t<\/section>\n\t\t\t\t<section class=\"elementor-section elementor-top-section elementor-element elementor-element-0f9947c elementor-section-boxed elementor-section-height-default elementor-section-height-default\" data-id=\"0f9947c\" data-element_type=\"section\" data-settings=\"{&quot;hoteller_ext_is_background_parallax&quot;:&quot;false&quot;,&quot;hoteller_ext_is_background_on_scroll&quot;:&quot;false&quot;}\">\n\t\t\t\t\t\t<div class=\"elementor-container elementor-column-gap-default\">\n\t\t\t\t\t<div class=\"elementor-column elementor-col-50 elementor-top-column elementor-element elementor-element-4cf6fe3\" data-id=\"4cf6fe3\" data-element_type=\"column\" data-settings=\"{&quot;hoteller_ext_link_sidemenu&quot;:&quot;false&quot;,&quot;hoteller_ext_link_fullmenu&quot;:&quot;false&quot;,&quot;hoteller_ext_link_closed_fullmenu&quot;:&quot;false&quot;,&quot;hoteller_ext_is_scrollme&quot;:&quot;false&quot;,&quot;hoteller_ext_is_smoove&quot;:&quot;false&quot;,&quot;hoteller_ext_is_parallax_mouse&quot;:&quot;false&quot;,&quot;hoteller_ext_is_infinite&quot;:&quot;false&quot;,&quot;hoteller_ext_is_fadeout_animation&quot;:&quot;false&quot;,&quot;hoteller_ext_mobile_static&quot;:&quot;false&quot;}\">\n\t\t\t<div class=\"elementor-widget-wrap elementor-element-populated\">\n\t\t\t\t\t\t<div class=\"elementor-element elementor-element-3d56e6f elementor-widget elementor-widget-heading\" data-id=\"3d56e6f\" data-element_type=\"widget\" data-settings=\"{&quot;hoteller_ext_link_sidemenu&quot;:&quot;false&quot;,&quot;hoteller_ext_link_fullmenu&quot;:&quot;false&quot;,&quot;hoteller_ext_link_closed_fullmenu&quot;:&quot;false&quot;,&quot;hoteller_ext_is_scrollme&quot;:&quot;false&quot;,&quot;hoteller_ext_is_smoove&quot;:&quot;false&quot;,&quot;hoteller_ext_is_parallax_mouse&quot;:&quot;false&quot;,&quot;hoteller_ext_is_infinite&quot;:&quot;false&quot;,&quot;hoteller_ext_is_fadeout_animation&quot;:&quot;false&quot;,&quot;hoteller_ext_mobile_static&quot;:&quot;false&quot;}\" data-widget_type=\"heading.default\">\n\t\t\t\t<div class=\"elementor-widget-container\">\n\t\t\t\t\t<h2 class=\"elementor-heading-title elementor-size-default\"><a href=\"https:\/\/ubaporto.com\/pt-pt\/quartos\/touriga-nacional\/\">TOURIGA NACIONAL \u2013 EST\u00daDIO COM MEZZANINE<\/a><\/h2>\t\t\t\t<\/div>\n\t\t\t\t<\/div>\n\t\t\t\t<div class=\"elementor-element elementor-element-a2456fa elementor-widget elementor-widget-image\" data-id=\"a2456fa\" data-element_type=\"widget\" data-settings=\"{&quot;hoteller_image_is_animation&quot;:&quot;false&quot;,&quot;hoteller_ext_link_sidemenu&quot;:&quot;false&quot;,&quot;hoteller_ext_link_fullmenu&quot;:&quot;false&quot;,&quot;hoteller_ext_link_closed_fullmenu&quot;:&quot;false&quot;,&quot;hoteller_ext_is_scrollme&quot;:&quot;false&quot;,&quot;hoteller_ext_is_smoove&quot;:&quot;false&quot;,&quot;hoteller_ext_is_parallax_mouse&quot;:&quot;false&quot;,&quot;hoteller_ext_is_infinite&quot;:&quot;false&quot;,&quot;hoteller_ext_is_fadeout_animation&quot;:&quot;false&quot;,&quot;hoteller_ext_mobile_static&quot;:&quot;false&quot;}\" data-widget_type=\"image.default\">\n\t\t\t\t<div class=\"elementor-widget-container\">\n\t\t\t\t\t\t\t\t\t\t\t\t\t\t\t\t<a href=\"https:\/\/ubaporto.com\/pt-pt\/quartos\/touriga-nacional\/\">\n\t\t\t\t\t\t\t<img decoding=\"async\" width=\"1800\" height=\"1200\" src=\"https:\/\/ubaporto.com\/wp2023\/wp-content\/uploads\/2023\/06\/studio-touriga-apartment-1.jpg\" class=\"attachment-full size-full wp-image-5410\" alt=\"\" srcset=\"https:\/\/ubaporto.com\/wp2023\/wp-content\/uploads\/2023\/06\/studio-touriga-apartment-1.jpg 1800w, https:\/\/ubaporto.com\/wp2023\/wp-content\/uploads\/2023\/06\/studio-touriga-apartment-1-600x400.jpg 600w, https:\/\/ubaporto.com\/wp2023\/wp-content\/uploads\/2023\/06\/studio-touriga-apartment-1-300x200.jpg 300w, https:\/\/ubaporto.com\/wp2023\/wp-content\/uploads\/2023\/06\/studio-touriga-apartment-1-1024x683.jpg 1024w, https:\/\/ubaporto.com\/wp2023\/wp-content\/uploads\/2023\/06\/studio-touriga-apartment-1-768x512.jpg 768w, https:\/\/ubaporto.com\/wp2023\/wp-content\/uploads\/2023\/06\/studio-touriga-apartment-1-1536x1024.jpg 1536w, https:\/\/ubaporto.com\/wp2023\/wp-content\/uploads\/2023\/06\/studio-touriga-apartment-1-700x466.jpg 700w, https:\/\/ubaporto.com\/wp2023\/wp-content\/uploads\/2023\/06\/studio-touriga-apartment-1-440x293.jpg 440w\" sizes=\"(max-width: 1800px) 100vw, 1800px\" \/>\t\t\t\t\t\t\t\t<\/a>\n\t\t\t\t\t\t\t\t\t\t\t\t\t\t\t<\/div>\n\t\t\t\t<\/div>\n\t\t\t\t\t<\/div>\n\t\t<\/div>\n\t\t\t\t<div class=\"elementor-column elementor-col-50 elementor-top-column elementor-element elementor-element-ce06a4a\" data-id=\"ce06a4a\" data-element_type=\"column\" data-settings=\"{&quot;hoteller_ext_link_sidemenu&quot;:&quot;false&quot;,&quot;hoteller_ext_link_fullmenu&quot;:&quot;false&quot;,&quot;hoteller_ext_link_closed_fullmenu&quot;:&quot;false&quot;,&quot;hoteller_ext_is_scrollme&quot;:&quot;false&quot;,&quot;hoteller_ext_is_smoove&quot;:&quot;false&quot;,&quot;hoteller_ext_is_parallax_mouse&quot;:&quot;false&quot;,&quot;hoteller_ext_is_infinite&quot;:&quot;false&quot;,&quot;hoteller_ext_is_fadeout_animation&quot;:&quot;false&quot;,&quot;hoteller_ext_mobile_static&quot;:&quot;false&quot;}\">\n\t\t\t<div class=\"elementor-widget-wrap elementor-element-populated\">\n\t\t\t\t\t\t<div class=\"elementor-element elementor-element-ae4b018 elementor-widget elementor-widget-text-editor\" data-id=\"ae4b018\" data-element_type=\"widget\" data-settings=\"{&quot;hoteller_ext_link_sidemenu&quot;:&quot;false&quot;,&quot;hoteller_ext_link_fullmenu&quot;:&quot;false&quot;,&quot;hoteller_ext_link_closed_fullmenu&quot;:&quot;false&quot;,&quot;hoteller_ext_is_scrollme&quot;:&quot;false&quot;,&quot;hoteller_ext_is_smoove&quot;:&quot;false&quot;,&quot;hoteller_ext_is_parallax_mouse&quot;:&quot;false&quot;,&quot;hoteller_ext_is_infinite&quot;:&quot;false&quot;,&quot;hoteller_ext_is_fadeout_animation&quot;:&quot;false&quot;,&quot;hoteller_ext_mobile_static&quot;:&quot;false&quot;}\" data-widget_type=\"text-editor.default\">\n\t\t\t\t<div class=\"elementor-widget-container\">\n\t\t\t\t\t\t\t\t\t<p>O Est\u00fadio Touriga Nacional situa-se no 2\u00ba piso com acesso por escadas. Decorado com pe\u00e7as \u00fanicas do esp\u00f3lio familiar, homenageia a Touriga Nacional, a rainha das castas de vinho de Portugal.<\/p>\n\t\t\t\t\t\t\t\t<\/div>\n\t\t\t\t<\/div>\n\t\t\t\t<div class=\"elementor-element elementor-element-ac91bef elementor-align-center elementor-widget elementor-widget-button\" data-id=\"ac91bef\" data-element_type=\"widget\" data-settings=\"{&quot;hoteller_ext_link_sidemenu&quot;:&quot;false&quot;,&quot;hoteller_ext_link_fullmenu&quot;:&quot;false&quot;,&quot;hoteller_ext_link_closed_fullmenu&quot;:&quot;false&quot;,&quot;hoteller_ext_is_scrollme&quot;:&quot;false&quot;,&quot;hoteller_ext_is_smoove&quot;:&quot;false&quot;,&quot;hoteller_ext_is_parallax_mouse&quot;:&quot;false&quot;,&quot;hoteller_ext_is_infinite&quot;:&quot;false&quot;,&quot;hoteller_ext_is_fadeout_animation&quot;:&quot;false&quot;,&quot;hoteller_ext_mobile_static&quot;:&quot;false&quot;}\" data-widget_type=\"button.default\">\n\t\t\t\t<div class=\"elementor-widget-container\">\n\t\t\t\t\t\t\t\t\t<div class=\"elementor-button-wrapper\">\n\t\t\t\t\t<a class=\"elementor-button elementor-button-link elementor-size-sm\" href=\"https:\/\/reservations.ubaporto.com\/pt-PT\/rentals\/31126\/\">\n\t\t\t\t\t\t<span class=\"elementor-button-content-wrapper\">\n\t\t\t\t\t\t\t\t\t<span class=\"elementor-button-text\">RESERVAR AGORA<\/span>\n\t\t\t\t\t<\/span>\n\t\t\t\t\t<\/a>\n\t\t\t\t<\/div>\n\t\t\t\t\t\t\t\t<\/div>\n\t\t\t\t<\/div>\n\t\t\t\t\t<\/div>\n\t\t<\/div>\n\t\t\t\t\t<\/div>\n\t\t<\/section>\n\t\t\t\t<\/div>\n\t\t","protected":false},"excerpt":{"rendered":"<p>Tinto C\u00e3o suite with city view Touriga Nacional Studio with Mezzanine Alvarinho king suite with balcony RESERVAR AGORA Os Quartos Este alojamento de charme situa-se no centro do Porto e oferece 3 suites com WC privativo e kitchenette, cuidadosamente decoradas [&hellip;]<\/p>\n","protected":false},"author":1,"featured_media":3294,"parent":0,"menu_order":0,"comment_status":"closed","ping_status":"closed","template":"elementor_header_footer","meta":{"footnotes":""},"class_list":["post-4632","page","type-page","status-publish","has-post-thumbnail","hentry"],"yoast_head":"<!-- This site is optimized with the Yoast SEO plugin v26.8 - https:\/\/yoast.com\/product\/yoast-seo-wordpress\/ -->\n<title>Guesthouse in Porto, Portugal. Charming double rooms and garden. - Os Quartos - Uba<\/title>\n<meta name=\"description\" content=\"UBA is a charming guesthouse in Porto\u2019s city centre. With 3 rooms and a garden. Airbnb Porto, Booking Porto. Apartment for rent Porto Portugal. - Os Quartos - Uba\" \/>\n<meta name=\"robots\" content=\"index, follow, max-snippet:-1, max-image-preview:large, max-video-preview:-1\" \/>\n<link rel=\"canonical\" href=\"https:\/\/ubaporto.com\/our-rooms\/\" \/>\n<meta property=\"og:locale\" content=\"pt_PT\" \/>\n<meta property=\"og:type\" content=\"article\" \/>\n<meta property=\"og:title\" content=\"Guesthouse in Porto, Portugal. Charming double rooms and garden. - Os Quartos - Uba\" \/>\n<meta property=\"og:description\" content=\"UBA is a charming guesthouse in Porto\u2019s city centre. With 3 rooms and a garden. Airbnb Porto, Booking Porto. Apartment for rent Porto Portugal. - Os Quartos - Uba\" \/>\n<meta property=\"og:url\" content=\"https:\/\/ubaporto.com\/our-rooms\/\" \/>\n<meta property=\"og:site_name\" content=\"Uba\" \/>\n<meta property=\"article:publisher\" content=\"https:\/\/www.facebook.com\/uba.heritage.wine\/\" \/>\n<meta property=\"article:modified_time\" content=\"2026-03-15T19:29:33+00:00\" \/>\n<meta property=\"og:image\" content=\"https:\/\/ubaporto.com\/wp2023\/wp-content\/uploads\/2023\/06\/suite-alvarinho-uba-1.jpg\" \/>\n\t<meta property=\"og:image:width\" content=\"1800\" \/>\n\t<meta property=\"og:image:height\" content=\"1200\" \/>\n\t<meta property=\"og:image:type\" content=\"image\/jpeg\" \/>\n<meta name=\"twitter:card\" content=\"summary_large_image\" \/>\n<meta name=\"twitter:label1\" content=\"Tempo estimado de leitura\" \/>\n\t<meta name=\"twitter:data1\" content=\"3 minutos\" \/>\n<script type=\"application\/ld+json\" class=\"yoast-schema-graph\">{\"@context\":\"https:\/\/schema.org\",\"@graph\":[{\"@type\":\"WebPage\",\"@id\":\"https:\/\/ubaporto.com\/our-rooms\/\",\"url\":\"https:\/\/ubaporto.com\/our-rooms\/\",\"name\":\"Guesthouse in Porto, Portugal. Charming double rooms and garden. - Os Quartos - Uba\",\"isPartOf\":{\"@id\":\"https:\/\/ubaporto.com\/#website\"},\"primaryImageOfPage\":{\"@id\":\"https:\/\/ubaporto.com\/our-rooms\/#primaryimage\"},\"image\":{\"@id\":\"https:\/\/ubaporto.com\/our-rooms\/#primaryimage\"},\"thumbnailUrl\":\"https:\/\/ubaporto.com\/wp2023\/wp-content\/uploads\/2023\/06\/suite-alvarinho-uba-1.jpg\",\"datePublished\":\"2019-06-26T10:02:21+00:00\",\"dateModified\":\"2026-03-15T19:29:33+00:00\",\"description\":\"UBA is a charming guesthouse in Porto\u2019s city centre. With 3 rooms and a garden. Airbnb Porto, Booking Porto. Apartment for rent Porto Portugal. - Os Quartos - Uba\",\"breadcrumb\":{\"@id\":\"https:\/\/ubaporto.com\/our-rooms\/#breadcrumb\"},\"inLanguage\":\"pt-PT\",\"potentialAction\":[{\"@type\":\"ReadAction\",\"target\":[\"https:\/\/ubaporto.com\/our-rooms\/\"]}]},{\"@type\":\"ImageObject\",\"inLanguage\":\"pt-PT\",\"@id\":\"https:\/\/ubaporto.com\/our-rooms\/#primaryimage\",\"url\":\"https:\/\/ubaporto.com\/wp2023\/wp-content\/uploads\/2023\/06\/suite-alvarinho-uba-1.jpg\",\"contentUrl\":\"https:\/\/ubaporto.com\/wp2023\/wp-content\/uploads\/2023\/06\/suite-alvarinho-uba-1.jpg\",\"width\":1800,\"height\":1200,\"caption\":\"Casa Cedofeita no Porto do Atelier de Arquitectura Paulo Moreira Architectures e fotografias de Ivo Tavares Studio\"},{\"@type\":\"BreadcrumbList\",\"@id\":\"https:\/\/ubaporto.com\/our-rooms\/#breadcrumb\",\"itemListElement\":[{\"@type\":\"ListItem\",\"position\":1,\"name\":\"In\u00edcio\",\"item\":\"https:\/\/ubaporto.com\/\"},{\"@type\":\"ListItem\",\"position\":2,\"name\":\"Os Quartos\"}]},{\"@type\":\"WebSite\",\"@id\":\"https:\/\/ubaporto.com\/#website\",\"url\":\"https:\/\/ubaporto.com\/\",\"name\":\"Uba - Heritage and Wine\",\"description\":\"Heritage and Wine\",\"publisher\":{\"@id\":\"https:\/\/ubaporto.com\/#organization\"},\"alternateName\":\"Uba\",\"potentialAction\":[{\"@type\":\"SearchAction\",\"target\":{\"@type\":\"EntryPoint\",\"urlTemplate\":\"https:\/\/ubaporto.com\/?s={search_term_string}\"},\"query-input\":{\"@type\":\"PropertyValueSpecification\",\"valueRequired\":true,\"valueName\":\"search_term_string\"}}],\"inLanguage\":\"pt-PT\"},{\"@type\":\"Organization\",\"@id\":\"https:\/\/ubaporto.com\/#organization\",\"name\":\"Uba - Heritage and Wine\",\"alternateName\":\"Uba\",\"url\":\"https:\/\/ubaporto.com\/\",\"logo\":{\"@type\":\"ImageObject\",\"inLanguage\":\"pt-PT\",\"@id\":\"https:\/\/ubaporto.com\/#\/schema\/logo\/image\/\",\"url\":\"https:\/\/ubaporto.com\/wp2023\/wp-content\/uploads\/2019\/06\/logo_uba_small.png\",\"contentUrl\":\"https:\/\/ubaporto.com\/wp2023\/wp-content\/uploads\/2019\/06\/logo_uba_small.png\",\"width\":300,\"height\":310,\"caption\":\"Uba - Heritage and Wine\"},\"image\":{\"@id\":\"https:\/\/ubaporto.com\/#\/schema\/logo\/image\/\"},\"sameAs\":[\"https:\/\/www.facebook.com\/uba.heritage.wine\/\",\"https:\/\/www.instagram.com\/uba.heritage.wine\/\"]}]}<\/script>\n<!-- \/ Yoast SEO plugin. -->","yoast_head_json":{"title":"Guesthouse in Porto, Portugal. Charming double rooms and garden. - Os Quartos - Uba","description":"UBA is a charming guesthouse in Porto\u2019s city centre. With 3 rooms and a garden. Airbnb Porto, Booking Porto. Apartment for rent Porto Portugal. - Os Quartos - Uba","robots":{"index":"index","follow":"follow","max-snippet":"max-snippet:-1","max-image-preview":"max-image-preview:large","max-video-preview":"max-video-preview:-1"},"canonical":"https:\/\/ubaporto.com\/our-rooms\/","og_locale":"pt_PT","og_type":"article","og_title":"Guesthouse in Porto, Portugal. Charming double rooms and garden. - Os Quartos - Uba","og_description":"UBA is a charming guesthouse in Porto\u2019s city centre. With 3 rooms and a garden. Airbnb Porto, Booking Porto. Apartment for rent Porto Portugal. - Os Quartos - Uba","og_url":"https:\/\/ubaporto.com\/our-rooms\/","og_site_name":"Uba","article_publisher":"https:\/\/www.facebook.com\/uba.heritage.wine\/","article_modified_time":"2026-03-15T19:29:33+00:00","og_image":[{"width":1800,"height":1200,"url":"https:\/\/ubaporto.com\/wp2023\/wp-content\/uploads\/2023\/06\/suite-alvarinho-uba-1.jpg","type":"image\/jpeg"}],"twitter_card":"summary_large_image","twitter_misc":{"Tempo estimado de leitura":"3 minutos"},"schema":{"@context":"https:\/\/schema.org","@graph":[{"@type":"WebPage","@id":"https:\/\/ubaporto.com\/our-rooms\/","url":"https:\/\/ubaporto.com\/our-rooms\/","name":"Guesthouse in Porto, Portugal. Charming double rooms and garden. - Os Quartos - Uba","isPartOf":{"@id":"https:\/\/ubaporto.com\/#website"},"primaryImageOfPage":{"@id":"https:\/\/ubaporto.com\/our-rooms\/#primaryimage"},"image":{"@id":"https:\/\/ubaporto.com\/our-rooms\/#primaryimage"},"thumbnailUrl":"https:\/\/ubaporto.com\/wp2023\/wp-content\/uploads\/2023\/06\/suite-alvarinho-uba-1.jpg","datePublished":"2019-06-26T10:02:21+00:00","dateModified":"2026-03-15T19:29:33+00:00","description":"UBA is a charming guesthouse in Porto\u2019s city centre. With 3 rooms and a garden. Airbnb Porto, Booking Porto. Apartment for rent Porto Portugal. - Os Quartos - Uba","breadcrumb":{"@id":"https:\/\/ubaporto.com\/our-rooms\/#breadcrumb"},"inLanguage":"pt-PT","potentialAction":[{"@type":"ReadAction","target":["https:\/\/ubaporto.com\/our-rooms\/"]}]},{"@type":"ImageObject","inLanguage":"pt-PT","@id":"https:\/\/ubaporto.com\/our-rooms\/#primaryimage","url":"https:\/\/ubaporto.com\/wp2023\/wp-content\/uploads\/2023\/06\/suite-alvarinho-uba-1.jpg","contentUrl":"https:\/\/ubaporto.com\/wp2023\/wp-content\/uploads\/2023\/06\/suite-alvarinho-uba-1.jpg","width":1800,"height":1200,"caption":"Casa Cedofeita no Porto do Atelier de Arquitectura Paulo Moreira Architectures e fotografias de Ivo Tavares Studio"},{"@type":"BreadcrumbList","@id":"https:\/\/ubaporto.com\/our-rooms\/#breadcrumb","itemListElement":[{"@type":"ListItem","position":1,"name":"In\u00edcio","item":"https:\/\/ubaporto.com\/"},{"@type":"ListItem","position":2,"name":"Os Quartos"}]},{"@type":"WebSite","@id":"https:\/\/ubaporto.com\/#website","url":"https:\/\/ubaporto.com\/","name":"Uba - Heritage and Wine","description":"Heritage and Wine","publisher":{"@id":"https:\/\/ubaporto.com\/#organization"},"alternateName":"Uba","potentialAction":[{"@type":"SearchAction","target":{"@type":"EntryPoint","urlTemplate":"https:\/\/ubaporto.com\/?s={search_term_string}"},"query-input":{"@type":"PropertyValueSpecification","valueRequired":true,"valueName":"search_term_string"}}],"inLanguage":"pt-PT"},{"@type":"Organization","@id":"https:\/\/ubaporto.com\/#organization","name":"Uba - Heritage and Wine","alternateName":"Uba","url":"https:\/\/ubaporto.com\/","logo":{"@type":"ImageObject","inLanguage":"pt-PT","@id":"https:\/\/ubaporto.com\/#\/schema\/logo\/image\/","url":"https:\/\/ubaporto.com\/wp2023\/wp-content\/uploads\/2019\/06\/logo_uba_small.png","contentUrl":"https:\/\/ubaporto.com\/wp2023\/wp-content\/uploads\/2019\/06\/logo_uba_small.png","width":300,"height":310,"caption":"Uba - Heritage and Wine"},"image":{"@id":"https:\/\/ubaporto.com\/#\/schema\/logo\/image\/"},"sameAs":["https:\/\/www.facebook.com\/uba.heritage.wine\/","https:\/\/www.instagram.com\/uba.heritage.wine\/"]}]}},"_links":{"self":[{"href":"https:\/\/ubaporto.com\/pt-pt\/wp-json\/wp\/v2\/pages\/4632","targetHints":{"allow":["GET"]}}],"collection":[{"href":"https:\/\/ubaporto.com\/pt-pt\/wp-json\/wp\/v2\/pages"}],"about":[{"href":"https:\/\/ubaporto.com\/pt-pt\/wp-json\/wp\/v2\/types\/page"}],"author":[{"embeddable":true,"href":"https:\/\/ubaporto.com\/pt-pt\/wp-json\/wp\/v2\/users\/1"}],"replies":[{"embeddable":true,"href":"https:\/\/ubaporto.com\/pt-pt\/wp-json\/wp\/v2\/comments?post=4632"}],"version-history":[{"count":25,"href":"https:\/\/ubaporto.com\/pt-pt\/wp-json\/wp\/v2\/pages\/4632\/revisions"}],"predecessor-version":[{"id":10678,"href":"https:\/\/ubaporto.com\/pt-pt\/wp-json\/wp\/v2\/pages\/4632\/revisions\/10678"}],"wp:featuredmedia":[{"embeddable":true,"href":"https:\/\/ubaporto.com\/pt-pt\/wp-json\/wp\/v2\/media\/3294"}],"wp:attachment":[{"href":"https:\/\/ubaporto.com\/pt-pt\/wp-json\/wp\/v2\/media?parent=4632"}],"curies":[{"name":"wp","href":"https:\/\/api.w.org\/{rel}","templated":true}]}}